{"id":77,"date":"2017-10-14T11:43:15","date_gmt":"2017-10-14T11:43:15","guid":{"rendered":"https:\/\/smartdata.tonytemplates.com\/driving-school\/?page_id=77"},"modified":"2020-11-14T16:16:07","modified_gmt":"2020-11-14T16:16:07","slug":"about","status":"publish","type":"page","link":"https:\/\/fahrschule-raede.de\/?page_id=77","title":{"rendered":"\u00dcber Uns"},"content":{"rendered":"\t\t<div data-elementor-type=\"wp-page\" data-elementor-id=\"77\" class=\"elementor elementor-77\">\n\t\t\t\t\t\t<section class=\"elementor-section elementor-top-section elementor-element elementor-element-79245cd elementor-section-stretched elementor-section-full_width elementor-section-height-default elementor-section-height-default\" data-id=\"79245cd\" data-element_type=\"section\" data-settings=\"{&quot;stretch_section&quot;:&quot;section-stretched&quot;}\">\n\t\t\t\t\t\t<div class=\"elementor-container elementor-column-gap-no\">\n\t\t\t\t\t<div class=\"elementor-column elementor-col-100 elementor-top-column elementor-element elementor-element-ae404e8\" data-id=\"ae404e8\" data-element_type=\"column\">\n\t\t\t<div class=\"elementor-widget-wrap elementor-element-populated\">\n\t\t\t\t\t\t<div class=\"elementor-element elementor-element-3840e43 elementor-widget elementor-widget-driving_school_ready\" data-id=\"3840e43\" data-element_type=\"widget\" data-widget_type=\"driving_school_ready.default\">\n\t\t\t\t<div class=\"elementor-widget-container\">\n\t\t\t\n\t\t\t\t\t<div class=\"\">\n\t\t\t<div class=\"container\">\n\t\t\t\t<h1 class=\"tt-title-lg text-center title-sub-page\">Fahrschule R\u00e4de in der \u00dcbersicht<\/h1>\n\t\t\t\t<div class=\"row row-img-left\">\n\t\t\t\t\t<div class=\"col-md-12 col-lg-6 col-img\">\n\t\t\t\t\t\t<img decoding=\"async\" class=\"img-responsive\" src=\"https:\/\/fahrschule-raede.de\/wp-content\/uploads\/2020\/09\/Gruppe.jpg\" alt=\"\">\n\t\t\t\t\t<\/div>\n\t\t\t\t\t<div class=\"col-md-12 col-lg-6 col-content\">\n\t\t\t\t\t\t<h6 class=\"content_typography tt-title-md\">\n\t\t\t\t\t\t\tUnsere Fahrschule\t\t\t\t\t\t<\/h6>\n\t\t\t\t\t\t<p>Seit 1981 zeichnet sich unsere Fahrschule in der ganzen Region f\u00fcr verantwortungsbewussten und f\u00fcrsorglichen Fahrunterricht aus. Mit unserer Fahrschule genie\u00dfen Sie professionelle und freundliche Fahrlehrer\/innen vor Ort. Zudem bieten wir unseren Fahrsch\u00fclern ein ermutigendes Umfeld w\u00e4hrend den ersten Fahrstunden.<\/p><ul class=\"list-icon offset-top\"><li>Wir kennen uns im Pr\u00fcfungsgebiet aus<\/li><li>Durch einen F\u00fchrerschein sind Sie attraktiver in der Arbeitswelt<\/li><li>Gute Lage der Fahrschulen<\/li><\/ul>\t\t\t\t\t<\/div>\n\t\t\t\t<\/div>\n\t\t\t<\/div>\n\t\t<\/div>\n\n\t\t\t\t\n\t\t\n\t\t\t\t<\/div>\n\t\t\t\t<\/div>\n\t\t\t\t\t<\/div>\n\t\t<\/div>\n\t\t\t\t\t<\/div>\n\t\t<\/section>\n\t\t\t\t<section class=\"elementor-section elementor-top-section elementor-element elementor-element-6fd14b3 elementor-section-stretched elementor-section-full_width container-indent elementor-section-height-default elementor-section-height-default\" data-id=\"6fd14b3\" data-element_type=\"section\" data-settings=\"{&quot;stretch_section&quot;:&quot;section-stretched&quot;}\">\n\t\t\t\t\t\t<div class=\"elementor-container elementor-column-gap-no\">\n\t\t\t\t\t<div class=\"elementor-column elementor-col-100 elementor-top-column elementor-element elementor-element-3cc40ef\" data-id=\"3cc40ef\" data-element_type=\"column\">\n\t\t\t<div class=\"elementor-widget-wrap\">\n\t\t\t\t\t\t\t<\/div>\n\t\t<\/div>\n\t\t\t\t\t<\/div>\n\t\t<\/section>\n\t\t\t\t<section class=\"elementor-section elementor-top-section elementor-element elementor-element-33d2958 elementor-section-stretched elementor-section-full_width container-indent elementor-section-height-default elementor-section-height-default\" data-id=\"33d2958\" data-element_type=\"section\" data-settings=\"{&quot;stretch_section&quot;:&quot;section-stretched&quot;}\">\n\t\t\t\t\t\t<div class=\"elementor-container elementor-column-gap-no\">\n\t\t\t\t\t<div class=\"elementor-column elementor-col-100 elementor-top-column elementor-element elementor-element-5b3adbd\" data-id=\"5b3adbd\" data-element_type=\"column\">\n\t\t\t<div class=\"elementor-widget-wrap elementor-element-populated\">\n\t\t\t\t\t\t<div class=\"elementor-element elementor-element-ffabb7b elementor-widget elementor-widget-driving_school_team_carousel\" data-id=\"ffabb7b\" data-element_type=\"widget\" data-widget_type=\"driving_school_team_carousel.default\">\n\t\t\t\t<div class=\"elementor-widget-container\">\n\t\t\t\n\t\t\t<div class=\"container\">\n\t\t\t\t<h3 class=\"tt-title-lg text-center content_typography\">Unser Team<\/h3>\n\t\t\t\t<div class=\"text-center  text-md\"><\/div>\n\t\t\t\t<div class=\"row\">\n\t\t\t\t\t<div class=\"tt-carusel tt-carusel-top slick-arrow-02 slick-arrow-01\" data-slick='{\"mobile_first\":\"true\",\"slides_to_show\":3,\"slides_to_scroll\":1,\"pause_on_hover\":\"true\",\"autoplay\":\"true\",\"autoplay_speed\":\"3200\",\"dots\":\"true\",\"arrows\":\"true\"}'>\n\t\t\t\t\t\t\t\t\t\t\t<div class=\"item\">\n\t\t\t\t\t\t\t<a href=\"#\" class=\"tt-box-subjects1\">\n\t\t\t\t\t\t\t\t<div class=\"img\"><img fetchpriority=\"high\" width=\"198\" height=\"291\" src=\"https:\/\/fahrschule-raede.de\/wp-content\/uploads\/2020\/09\/R\u00e4de5-198x291.png\" class=\"attachment-dricub-driving-schools-team-thumbnail size-dricub-driving-schools-team-thumbnail\" alt=\"\" decoding=\"async\" \/><\/div>\n\t\t\t\t\t\t\t\t<div class=\"description\">\n\t\t\t\t\t\t\t\t<h6 class=\"content_typography\">Alexandra Simons<\/h6>\t\t\t\t\t\t\t\t<p>B\u00fcromanagement <\/p>\n\t\t\t\t\t\t\t\t\t\t\t\t\t\t\t\t\t\t\t<p>Begleiterin des Fahrsimulators<\/p>\n\t\t\t\t\t\t\t\t\t\t\t\t\t\t\t\t\t<\/div>\n\t\t\t\t\t\t\t<\/a>\n\t\t\t\t\t\t<\/div>\n\t\t\t\t\t\t\t\t\t\t\t\t<div class=\"item\">\n\t\t\t\t\t\t\t<a href=\"#\" class=\"tt-box-subjects1\">\n\t\t\t\t\t\t\t\t<div class=\"img\"><img width=\"244\" height=\"291\" src=\"https:\/\/fahrschule-raede.de\/wp-content\/uploads\/2020\/09\/R\u00e4de2-244x291.png\" class=\"attachment-dricub-driving-schools-team-thumbnail size-dricub-driving-schools-team-thumbnail\" alt=\"\" decoding=\"async\" \/><\/div>\n\t\t\t\t\t\t\t\t<div class=\"description\">\n\t\t\t\t\t\t\t\t<h6 class=\"content_typography\">Herr R\u00e4de<\/h6>\t\t\t\t\t\t\t\t<p>Fahrlehrer<\/p>\n\t\t\t\t\t\t\t\t\t\t\t\t\t\t\t\t\t<\/div>\n\t\t\t\t\t\t\t<\/a>\n\t\t\t\t\t\t<\/div>\n\t\t\t\t\t\t\t\t\t\t\t\t<div class=\"item\">\n\t\t\t\t\t\t\t<a href=\"#\" class=\"tt-box-subjects1\">\n\t\t\t\t\t\t\t\t<div class=\"img\"><img width=\"351\" height=\"291\" src=\"https:\/\/fahrschule-raede.de\/wp-content\/uploads\/2020\/09\/R\u00e4de4-351x291.png\" class=\"attachment-dricub-driving-schools-team-thumbnail size-dricub-driving-schools-team-thumbnail\" alt=\"\" decoding=\"async\" \/><\/div>\n\t\t\t\t\t\t\t\t<div class=\"description\">\n\t\t\t\t\t\t\t\t<h6 class=\"content_typography\">Stephanie R\u00e4de<\/h6>\t\t\t\t\t\t\t\t<p><\/p>\n\t\t\t\t\t\t\t\t\t\t\t\t\t\t\t\t\t\t\t<p>Fahrlehrerin<\/p>\n\t\t\t\t\t\t\t\t\t\t\t\t\t\t\t\t\t<\/div>\n\t\t\t\t\t\t\t<\/a>\n\t\t\t\t\t\t<\/div>\n\t\t\t\t\t\t\t\t\t\t\t<\/div>\n\t\t\t\t<\/div>\n\t\t\t<\/div>\n\t\t\t\t<\/div>\n\t\t\t\t<\/div>\n\t\t\t\t\t<\/div>\n\t\t<\/div>\n\t\t\t\t\t<\/div>\n\t\t<\/section>\n\t\t\t\t<\/div>\n\t\t","protected":false},"excerpt":{"rendered":"<p>Fahrschule R\u00e4de in der \u00dcbersicht Unsere Fahrschule Seit 1981 zeichnet sich unsere Fahrschule in der ganzen Region f\u00fcr verantwortungsbewussten und f\u00fcrsorglichen Fahrunterricht aus. Mit unserer Fahrschule genie\u00dfen Sie professionelle und freundliche Fahrlehrer\/innen vor Ort. Zudem bieten wir unseren Fahrsch\u00fclern ein ermutigendes Umfeld w\u00e4hrend den ersten Fahrstunden. Wir kennen uns im Pr\u00fcfungsgebiet aus Durch einen F\u00fchrerschein [&hellip;]<\/p>\n","protected":false},"author":3,"featured_media":0,"parent":0,"menu_order":0,"comment_status":"closed","ping_status":"closed","template":"","meta":{"footnotes":""},"yoast_head":"<!-- This site is optimized with the Yoast SEO plugin v22.6 - https:\/\/yoast.com\/wordpress\/plugins\/seo\/ -->\n<title>\u00dcber Uns - Fahrschule R\u00e4de<\/title>\n<meta name=\"robots\" content=\"index, follow, max-snippet:-1, max-image-preview:large, max-video-preview:-1\" \/>\n<link rel=\"canonical\" href=\"https:\/\/fahrschule-raede.de\/?page_id=77\" \/>\n<meta property=\"og:locale\" content=\"de_DE\" \/>\n<meta property=\"og:type\" content=\"article\" \/>\n<meta property=\"og:title\" content=\"\u00dcber Uns - Fahrschule R\u00e4de\" \/>\n<meta property=\"og:description\" content=\"Fahrschule R\u00e4de in der \u00dcbersicht Unsere Fahrschule Seit 1981 zeichnet sich unsere Fahrschule in der ganzen Region f\u00fcr verantwortungsbewussten und f\u00fcrsorglichen Fahrunterricht aus. Mit unserer Fahrschule genie\u00dfen Sie professionelle und freundliche Fahrlehrer\/innen vor Ort. Zudem bieten wir unseren Fahrsch\u00fclern ein ermutigendes Umfeld w\u00e4hrend den ersten Fahrstunden. Wir kennen uns im Pr\u00fcfungsgebiet aus Durch einen F\u00fchrerschein [&hellip;]\" \/>\n<meta property=\"og:url\" content=\"https:\/\/fahrschule-raede.de\/?page_id=77\" \/>\n<meta property=\"og:site_name\" content=\"Fahrschule R\u00e4de\" \/>\n<meta property=\"article:modified_time\" content=\"2020-11-14T16:16:07+00:00\" \/>\n<meta name=\"twitter:card\" content=\"summary_large_image\" \/>\n<script type=\"application\/ld+json\" class=\"yoast-schema-graph\">{\"@context\":\"https:\/\/schema.org\",\"@graph\":[{\"@type\":\"WebPage\",\"@id\":\"https:\/\/fahrschule-raede.de\/?page_id=77\",\"url\":\"https:\/\/fahrschule-raede.de\/?page_id=77\",\"name\":\"\u00dcber Uns - Fahrschule R\u00e4de\",\"isPartOf\":{\"@id\":\"https:\/\/fahrschule-raede.de\/#website\"},\"datePublished\":\"2017-10-14T11:43:15+00:00\",\"dateModified\":\"2020-11-14T16:16:07+00:00\",\"breadcrumb\":{\"@id\":\"https:\/\/fahrschule-raede.de\/?page_id=77#breadcrumb\"},\"inLanguage\":\"de\",\"potentialAction\":[{\"@type\":\"ReadAction\",\"target\":[\"https:\/\/fahrschule-raede.de\/?page_id=77\"]}]},{\"@type\":\"BreadcrumbList\",\"@id\":\"https:\/\/fahrschule-raede.de\/?page_id=77#breadcrumb\",\"itemListElement\":[{\"@type\":\"ListItem\",\"position\":1,\"name\":\"Home\",\"item\":\"https:\/\/fahrschule-raede.de\/\"},{\"@type\":\"ListItem\",\"position\":2,\"name\":\"\u00dcber Uns\"}]},{\"@type\":\"WebSite\",\"@id\":\"https:\/\/fahrschule-raede.de\/#website\",\"url\":\"https:\/\/fahrschule-raede.de\/\",\"name\":\"Fahrschule R\u00e4de\",\"description\":\"Just another WordPress site\",\"potentialAction\":[{\"@type\":\"SearchAction\",\"target\":{\"@type\":\"EntryPoint\",\"urlTemplate\":\"https:\/\/fahrschule-raede.de\/?s={search_term_string}\"},\"query-input\":\"required name=search_term_string\"}],\"inLanguage\":\"de\"}]}<\/script>\n<!-- \/ Yoast SEO plugin. -->","yoast_head_json":{"title":"\u00dcber Uns - Fahrschule R\u00e4de","robots":{"index":"index","follow":"follow","max-snippet":"max-snippet:-1","max-image-preview":"max-image-preview:large","max-video-preview":"max-video-preview:-1"},"canonical":"https:\/\/fahrschule-raede.de\/?page_id=77","og_locale":"de_DE","og_type":"article","og_title":"\u00dcber Uns - Fahrschule R\u00e4de","og_description":"Fahrschule R\u00e4de in der \u00dcbersicht Unsere Fahrschule Seit 1981 zeichnet sich unsere Fahrschule in der ganzen Region f\u00fcr verantwortungsbewussten und f\u00fcrsorglichen Fahrunterricht aus. Mit unserer Fahrschule genie\u00dfen Sie professionelle und freundliche Fahrlehrer\/innen vor Ort. Zudem bieten wir unseren Fahrsch\u00fclern ein ermutigendes Umfeld w\u00e4hrend den ersten Fahrstunden. Wir kennen uns im Pr\u00fcfungsgebiet aus Durch einen F\u00fchrerschein [&hellip;]","og_url":"https:\/\/fahrschule-raede.de\/?page_id=77","og_site_name":"Fahrschule R\u00e4de","article_modified_time":"2020-11-14T16:16:07+00:00","twitter_card":"summary_large_image","schema":{"@context":"https:\/\/schema.org","@graph":[{"@type":"WebPage","@id":"https:\/\/fahrschule-raede.de\/?page_id=77","url":"https:\/\/fahrschule-raede.de\/?page_id=77","name":"\u00dcber Uns - Fahrschule R\u00e4de","isPartOf":{"@id":"https:\/\/fahrschule-raede.de\/#website"},"datePublished":"2017-10-14T11:43:15+00:00","dateModified":"2020-11-14T16:16:07+00:00","breadcrumb":{"@id":"https:\/\/fahrschule-raede.de\/?page_id=77#breadcrumb"},"inLanguage":"de","potentialAction":[{"@type":"ReadAction","target":["https:\/\/fahrschule-raede.de\/?page_id=77"]}]},{"@type":"BreadcrumbList","@id":"https:\/\/fahrschule-raede.de\/?page_id=77#breadcrumb","itemListElement":[{"@type":"ListItem","position":1,"name":"Home","item":"https:\/\/fahrschule-raede.de\/"},{"@type":"ListItem","position":2,"name":"\u00dcber Uns"}]},{"@type":"WebSite","@id":"https:\/\/fahrschule-raede.de\/#website","url":"https:\/\/fahrschule-raede.de\/","name":"Fahrschule R\u00e4de","description":"Just another WordPress site","potentialAction":[{"@type":"SearchAction","target":{"@type":"EntryPoint","urlTemplate":"https:\/\/fahrschule-raede.de\/?s={search_term_string}"},"query-input":"required name=search_term_string"}],"inLanguage":"de"}]}},"_links":{"self":[{"href":"https:\/\/fahrschule-raede.de\/index.php?rest_route=\/wp\/v2\/pages\/77"}],"collection":[{"href":"https:\/\/fahrschule-raede.de\/index.php?rest_route=\/wp\/v2\/pages"}],"about":[{"href":"https:\/\/fahrschule-raede.de\/index.php?rest_route=\/wp\/v2\/types\/page"}],"author":[{"embeddable":true,"href":"https:\/\/fahrschule-raede.de\/index.php?rest_route=\/wp\/v2\/users\/3"}],"replies":[{"embeddable":true,"href":"https:\/\/fahrschule-raede.de\/index.php?rest_route=%2Fwp%2Fv2%2Fcomments&post=77"}],"version-history":[{"count":31,"href":"https:\/\/fahrschule-raede.de\/index.php?rest_route=\/wp\/v2\/pages\/77\/revisions"}],"predecessor-version":[{"id":2372,"href":"https:\/\/fahrschule-raede.de\/index.php?rest_route=\/wp\/v2\/pages\/77\/revisions\/2372"}],"wp:attachment":[{"href":"https:\/\/fahrschule-raede.de\/index.php?rest_route=%2Fwp%2Fv2%2Fmedia&parent=77"}],"curies":[{"name":"wp","href":"https:\/\/api.w.org\/{rel}","templated":true}]}}